{"id":29,"date":"2015-05-09T20:13:28","date_gmt":"2015-05-09T18:13:28","guid":{"rendered":"http:\/\/www.windmueller-s.de\/?page_id=29"},"modified":"2025-08-08T20:58:23","modified_gmt":"2025-08-08T18:58:23","slug":"publikationen","status":"publish","type":"page","link":"https:\/\/windmueller-s.de\/?page_id=29","title":{"rendered":"Publikationen &#038; Ausstellungen"},"content":{"rendered":"<p>Erschienen:<\/p>\n<p>Elena Diehl\/Sonja Windm\u00fcller: Is this Trash Yet? On Rejecting and Depositing | Kann das weg? Vom Aussortieren und Deponieren. In: Jens Schneewei\u00df (Ed.): Stories of Waste and Value. Roots of a Circular Economy | Wertvolle Abfallgeschichten. Wurzeln der Kreislaufwirtschaft. Leiden 2024.<\/p>\n<p>Der Band ist als Open-Access-Download verf\u00fcgbar:<\/p>\n<p><a href=\"https:\/\/www.sidestone.com\/books\/stories-of-waste-and-value\" target=\"_blank\">zur englischsprachigen Version <\/a><\/p>\n<p><a href=\"https:\/\/www.sidestone.com\/books\/wertvolle-abfallgeschichten\" target=\"_blank\">zur deutschsprachigen Version <\/a><\/p>\n<hr \/>\n<p><a href=\"https:\/\/windmueller-s.de\/wp-content\/uploads\/2015\/05\/Cover-Spuren-des-Maritimen.jpg\"><img loading=\"lazy\" decoding=\"async\" class=\"alignleft size-medium wp-image-867\" src=\"https:\/\/windmueller-s.de\/wp-content\/uploads\/2015\/05\/Cover-Spuren-des-Maritimen-214x300.jpg\" alt=\"Cover Spuren des Maritimen\" width=\"214\" height=\"300\" srcset=\"https:\/\/windmueller-s.de\/wp-content\/uploads\/2015\/05\/Cover-Spuren-des-Maritimen-214x300.jpg 214w, https:\/\/windmueller-s.de\/wp-content\/uploads\/2015\/05\/Cover-Spuren-des-Maritimen.jpg 463w\" sizes=\"auto, (max-width: 214px) 100vw, 214px\" \/><\/a><\/p>\n<p>&nbsp;<\/p>\n<p>&nbsp;<\/p>\n<p>&nbsp;<\/p>\n<p>&nbsp;<\/p>\n<p>Frisch erschienen (Juli 2024). Informationen finden Sie <a href=\"https:\/\/www.waxmann.com\/waxmann-buecher\/?no_cache=1&amp;tx_p2waxmann_pi2%5Bbuch%5D=BUC129160&amp;tx_p2waxmann_pi2%5Baction%5D=show&amp;tx_p2waxmann_pi2%5Bcontroller%5D=Buch&amp;cHash=09299126189a78de2dfcb6363d378ed6\" target=\"_blank\">hier. <\/a><\/p>\n<p>&nbsp;<\/p>\n<p>&nbsp;<\/p>\n<hr \/>\n<p>&nbsp;<\/p>\n<h1><span style=\"color: #800000;\">Kieler Bl\u00e4tter zur Volkskunde 55\/2023<\/span><\/h1>\n<p>Herausgegeben von Christine Old\u00f6rp, Nadine Wagener-B\u00f6ck und Sonja Windm\u00fcller<\/p>\n<p><a href=\"https:\/\/windmueller-s.de\/wp-content\/uploads\/2015\/05\/IMG_3033.jpg\"><img loading=\"lazy\" decoding=\"async\" class=\"alignleft size-medium wp-image-847\" src=\"https:\/\/windmueller-s.de\/wp-content\/uploads\/2015\/05\/IMG_3033-300x200.jpg\" alt=\"IMG_3033\" width=\"300\" height=\"200\" srcset=\"https:\/\/windmueller-s.de\/wp-content\/uploads\/2015\/05\/IMG_3033-300x200.jpg 300w, https:\/\/windmueller-s.de\/wp-content\/uploads\/2015\/05\/IMG_3033-1024x683.jpg 1024w, https:\/\/windmueller-s.de\/wp-content\/uploads\/2015\/05\/IMG_3033-800x533.jpg 800w\" sizes=\"auto, (max-width: 300px) 100vw, 300px\" \/><\/a><\/p>\n<p>Aus dem Inhalt:<\/p>\n<p>Christine Old\u00f6rp: Sprechen. Methodologische \u00dcberlegungen zum allt\u00e4glichen Gebrauch von Sprache, S. 7\u201331.<\/p>\n<p>Inga Reimers: Arbeit an und in der Dorfgemeinschaft. L\u00e4ndliche Coworkingspaces als Verhandlungsorte des guten Lebens und Arbeitens im l\u00e4ndlichen Raum, S. 33\u00ad\u201349.<\/p>\n<p>Martina R\u00f6thl: \u201e[B]eing a girl in the world right now is one of the hardest things there is\u201c. Popkulturelle Adressierungen, intergenerationale Konflikte, feministische (?) Subjektivierungspotenziale, S. 51\u201368.<\/p>\n<hr \/>\n<p>&nbsp;<\/p>\n<p><a href=\"https:\/\/ub31.uni-tuebingen.de\/ojs\/index.php\/zekw\/article\/view\/1103\/1069\" target=\"_blank\">Staging Economics. Zur Kulturanalyse des Wirtschaftlichen.<\/a><\/p>\n<p>In: Zeitschrift f\u00fcr Empirische Kulturwissenschaft 119\/2023, H. 2, S. 155-175.<\/p>\n<p>&nbsp;<\/p>\n<p><span style=\"text-decoration: underline; color: #752424;\">Temporalit\u00e4t und Aushandlung. Vom Ende (in) der wissenschaftlichen Arbeit. <\/span><\/p>\n<p>In: Manuel Trummer u. a. (Hg.): Zeit. Zur Temporalit\u00e4t von Kultur. M\u00fcnster, New York 2023 (= Regensburger Schriften zur Volkskunde\/Vergleichenden Kulturwissenschaft Bd. 43), S. 369-378.<\/p>\n<p>&nbsp;<\/p>\n<p><span style=\"text-decoration: underline;\"><span style=\"color: #752424; text-decoration: underline;\">Bienen_Wirtschaft. Ann\u00e4herungen an eine Apidologie der \u00d6konomik.<\/span> <\/span><\/p>\n<p>In: Thomas Schindler, Marguerite Rumpf, Markus Rodenberg (Hg.): Alltagskultur ist Alltagskultur ist AlltagskulturN. Kulturkontakte \u2013 Kultur(de\/re)konstruktte \u2013 Kulturverluste. Essays zu Perspektiven empirischer Kulturwissenschaft. Ilmtal-Weinstra\u00dfe 2023 (= Hessische Bl\u00e4tter f\u00fcr Volks- und Kulturforschung N.F. Bd. 58), S. 28-33.<\/p>\n<p>&nbsp;<\/p>\n<p><a href=\"https:\/\/asw-verlage.de\/katalog\/analytische_fantasie-2529.html\" target=\"_blank\">Zimmerman(n)s Schweigen. Mit <span style=\"color: #632222;\">Bob<\/span> und Harm-Peer durch die &#8222;Volkskultur&#8220;. <\/a><\/p>\n<p>In: Maximilian Jablonowski, Valerie Keller, Simone Stiefbold, Malte V\u00f6lk (Hg.): Analytische Fantasie. Von narrativen Welten zum guten Altern &#8211; eine Festschrift f\u00fcr Harm-Peer Zimmermann. Ilmtal-Weinstra\u00dfe 2022, S. 252 ff.<\/p>\n<p>&nbsp;<\/p>\n<hr \/>\n<p>&nbsp;<\/p>\n<h1><span style=\"color: #800000;\">Kieler Bl\u00e4tter zur Volkskunde 54\/2022<\/span><\/h1>\n<p>Herausgegeben von Sven Rei\u00df, Nadine Wagener-B\u00f6ck und Sonja Windm\u00fcller<\/p>\n<p>Aus dem Inhalt:<\/p>\n<p>Tatjana Damer: Wenn dreizehn Sprachen erz\u00e4hlen. Narrative einer Dolmetscher*innen-Szene<\/p>\n<p>Peter Hinrichs: Authentizit\u00e4t als Praxis. Das Authentische in Relation zu Wissenskonzepten und Interaktionsprozessen am Beispiel der Szeneforschung<\/p>\n<p>Marilen Johns: &#8222;&#8230; wie der G\u00e4rtner eine besondere Blume aus seinem Garten w\u00e4hlt.&#8220; \u00dcber den Zusammenhang zwischen Zimmerpflanze und Weiblichkeitsideal in b\u00fcrgerlicher Ratgeberliteratur<\/p>\n<p>Kai Detlev Sievers: Zur Geschichte der Europ\u00e4ischen Ethnologie\/Volkskunde an der Universit\u00e4t Kiel vom sp\u00e4ten 18. bis ins ausgehende 20. Jahrhundert<\/p>\n<p>Sonja Windm\u00fcller: Wirtschaftsobjekte &#8211; Wirtschaftsmuseen. Zum Verh\u00e4ltnis von \u00d6konomik und materieller Kultur<\/p>\n<hr \/>\n<p><a href=\"https:\/\/windmueller-s.de\/wp-content\/uploads\/2015\/05\/KBVk-2021-Titekseite.jpg\"><img loading=\"lazy\" decoding=\"async\" class=\"  wp-image-787 aligncenter\" src=\"https:\/\/windmueller-s.de\/wp-content\/uploads\/2015\/05\/KBVk-2021-Titekseite-232x300.jpg\" alt=\"KBVk 2021 Titekseite\" width=\"173\" height=\"223\" srcset=\"https:\/\/windmueller-s.de\/wp-content\/uploads\/2015\/05\/KBVk-2021-Titekseite-232x300.jpg 232w, https:\/\/windmueller-s.de\/wp-content\/uploads\/2015\/05\/KBVk-2021-Titekseite-791x1024.jpg 791w, https:\/\/windmueller-s.de\/wp-content\/uploads\/2015\/05\/KBVk-2021-Titekseite-800x1036.jpg 800w, https:\/\/windmueller-s.de\/wp-content\/uploads\/2015\/05\/KBVk-2021-Titekseite.jpg 1453w\" sizes=\"auto, (max-width: 173px) 100vw, 173px\" \/><\/a><\/p>\n<h1><span style=\"color: #800000;\">Kieler Bl\u00e4tter zur Volkskunde 53\/2021<\/span><\/h1>\n<p>Herausgegeben von Sven Rei\u00df, Katharina Schuchardt und Sonja Windm\u00fcller<\/p>\n<p>Aus dem Inhalt:<\/p>\n<p>Silke G\u00f6ttsch-Elten: Historisches und Historizit\u00e4t &#8211; Perspektiven und Vest\u00e4ndigungsformeln<\/p>\n<p>Kirsten Brodersen-Rauhut: Hingeschaut! Lohbr\u00fcgge und die unsichtbare Gro\u00dfstadt<\/p>\n<p>Laura Brammsen: Wissensformat Comic &#8211; Darstellungen des Menstruationszyklus in Werken von Julie Doucet, Lisa Fr\u00fchbeis und Liv Str\u00f6mquist<\/p>\n<p>Dolunay Temur: Vom Balancieren einer t\u00fcrkisch-deutschen Bindestrich-Identit\u00e4t. Versuch einer Ann\u00e4herung<\/p>\n<hr \/>\n<h3><strong><span style=\"color: #800000;\">Unter Beschuss.<\/span><\/strong><\/h3>\n<h5><strong><span style=\"color: #800000;\">Wetter- und Klimamodifikationen als Gegenstand der Kulturanalyse<br \/>\n<\/span><\/strong><\/h5>\n<p>In: kuckuck. notizen zur alltagskultur 2\/2020 (Themenheft KLIMA), S. 70-73.<\/p>\n<hr \/>\n<h1><span style=\"color: #800000;\">Kieler Bl\u00e4tter zur Volkskunde 52\/2020<\/span><\/h1>\n<h5>Herausgegeben von Nils Hansen, Katharina Schuchardt und Sonja Windm\u00fcller<\/h5>\n<p class=\"v1MsoNormal\">Aus dem Inhalt:<\/p>\n<p class=\"v1MsoNormal\">Norbert Fischer: Memorials des maritimen Todes: \u00dcber Denkm\u00e4ler, Grabsteine und Friedh\u00f6fe an der schleswig-holsteinischen Nord- und Ostseek\u00fcste (S. 7-34)<\/p>\n<p class=\"v1MsoNormal\">Stefanie Samida: Leute machen Kleider oder \u00dcber das Selbermachen in der Popul\u00e4rkultur (S. 35-54)<\/p>\n<p class=\"v1MsoNormal\">Miltiadis Zermpoulis: Von der Flucht zur griechischen Mittelklasse. Eine Ethnographie \u00fcber soziale Ver\u00e4nderung und materielle Integration eines Fl\u00fcchtlingsstadtteils im Thessaloniki der Nachkriegszeit (S. 55-76)<\/p>\n<p class=\"v1MsoNormal\">Kristin Riedelsberger: &#8222;It&#8217;s like we&#8217;re in Sexual Rehabilitation &#8230; but with our minds!&#8220;. Die Netflix-Show &#8222;Too hot to handle&#8220; und der neue Wert der Enthaltsamkeit (S. 77-100)<\/p>\n<p class=\"v1MsoNormal\">Krister Steffens: Ein &#8222;St\u00fcck Urtyp unserer Landschaft&#8220;? Volkskundliches Wissen als identit\u00e4tspolitische Ressource in den Zeitschriften &#8222;Die Heimat&#8220; und &#8222;Schleswig-Holstein&#8220; 1950 bis 1955 (S. 101-129)<\/p>\n<p class=\"v1MsoNormal\"><strong><span style=\"color: #000000;\">Kontakt: kielerblaetter[at]volkskunde.uni-kiel.de<\/span><\/strong><\/p>\n<div class=\"txt col-12 col-sm-8\">\n<div class=\"txt-wrapper\">\n<hr \/>\n<\/div>\n<\/div>\n<h2><strong>Aktuelle (Mit-)Herausgeberschaften:<\/strong><\/h2>\n<p><a href=\"https:\/\/windmueller-s.de\/wp-content\/uploads\/2015\/05\/Foerdeblick_Logo.jpg\"><img loading=\"lazy\" decoding=\"async\" class=\"  wp-image-756 aligncenter\" src=\"https:\/\/windmueller-s.de\/wp-content\/uploads\/2015\/05\/Foerdeblick_Logo-300x184.jpg\" alt=\"Foerdeblick_Umschlag_Entwurf1.indd\" width=\"163\" height=\"100\" srcset=\"https:\/\/windmueller-s.de\/wp-content\/uploads\/2015\/05\/Foerdeblick_Logo-300x184.jpg 300w, https:\/\/windmueller-s.de\/wp-content\/uploads\/2015\/05\/Foerdeblick_Logo.jpg 678w\" sizes=\"auto, (max-width: 163px) 100vw, 163px\" \/><\/a><a href=\"https:\/\/www.waxmann.com\/waxmann-reihen\/?no_cache=1&amp;tx_p2waxmann_pi2%5Breihe%5D=REI100360&amp;tx_p2waxmann_pi2%5Baction%5D=show&amp;tx_p2waxmann_pi2%5Bcontroller%5D=Reihe&amp;cHash=ef1bc1f85f03128636dc09cb8a2fbcbe\" target=\"_blank\">F\u00f6rdeblick. Kieler Schriften zur Alltagskultur<\/a><\/p>\n<p><a href=\"https:\/\/www.europaeische-ethnologie-volkskunde.uni-kiel.de\/de\/publikationen\/kieler-blaetter-zur-volkskunde\" target=\"_blank\">Kieler Bl\u00e4tter zur Volkskunde<\/a> (ab Heft 51\/2019 verantwortlich f\u00fcr den Aufsatzteil)<\/p>\n<p><a href=\"https:\/\/www.waxmann.com\/waxmann-reihen\/?tx_p2waxmann_pi2%5Breihe%5D=REI100175&amp;tx_p2waxmann_pi2%5Baction%5D=show&amp;tx_p2waxmann_pi2%5Bcontroller%5D=Reihe&amp;cHash=08bab402058894c4fa1177ae0d047fcf\" target=\"_blank\">Kieler Studien zur Volkskunde und Kulturgeschichte<\/a> (ab Oktober 2018)<\/p>\n<hr \/>\n<h2><strong>Publikationen (Auswahl)<br \/>\n<\/strong><\/h2>\n<p>Zur vollst\u00e4ndigen Publikationsliste bis einschlie\u00dflich 2015 gelangen Sie <a href=\"https:\/\/windmueller-s.de\/wp-content\/uploads\/2015\/05\/hier2.pdf\" target=\"_blank\">hier<\/a>.<\/p>\n<p><a href=\"https:\/\/windmueller-s.de\/wp-content\/uploads\/2015\/05\/HBll-52-Umweltforschung.jpg\"><img loading=\"lazy\" decoding=\"async\" class=\"alignleft  wp-image-561\" src=\"https:\/\/windmueller-s.de\/wp-content\/uploads\/2015\/05\/HBll-52-Umweltforschung.jpg\" alt=\"HBll 52 Umweltforschung\" width=\"326\" height=\"469\" srcset=\"https:\/\/windmueller-s.de\/wp-content\/uploads\/2015\/05\/HBll-52-Umweltforschung.jpg 1181w, https:\/\/windmueller-s.de\/wp-content\/uploads\/2015\/05\/HBll-52-Umweltforschung-209x300.jpg 209w, https:\/\/windmueller-s.de\/wp-content\/uploads\/2015\/05\/HBll-52-Umweltforschung-712x1024.jpg 712w, https:\/\/windmueller-s.de\/wp-content\/uploads\/2015\/05\/HBll-52-Umweltforschung-800x1150.jpg 800w\" sizes=\"auto, (max-width: 326px) 100vw, 326px\" \/><\/a><\/p>\n<p>&nbsp;<\/p>\n<p>&nbsp;<\/p>\n<p>&nbsp;<\/p>\n<p>&nbsp;<\/p>\n<p>&nbsp;<\/p>\n<p>&nbsp;<\/p>\n<p>&nbsp;<\/p>\n<p>&nbsp;<\/p>\n<p>&nbsp;<\/p>\n<div class=\"txt-wrapper\">\n<p>Umweltthemen sind auf vielf\u00e4ltige Weise Gegenstand kulturwissenschaftlich-volkskundlicher Forschung: von Studien zur Natur- und Heimatschutzbewegung, zum Wald, den Bergen und der See, \u00fcber die Besch\u00e4ftigung mit Umweltkatastrophen als \u201ekultureller Tatsache\u201c, Umwelt\u00e4sthetiken und -inszenierungen, dem Umwelttourismus, bis hin zu interdisziplin\u00e4ren Projekten mit den Lebenswissenschaften im Kontext der STS, im Rahmen der Animal Studies und aktuell zu Ph\u00e4nomenen wie dem Urban Gardening und Urban Farming. Angesichts der semantischen Erweiterungen, die \u201eUmwelt&#8220; als grunds\u00e4tzlich relationaler Begriff in den letzten Jahrzehnten erfahren hat, sowie vor dem Hintergrund neuer interdisziplin\u00e4rer Ans\u00e4tze und Perspektiven f\u00fchrt der Band aktuelle Projekte und \u00dcberlegungen volkskundlicher\/europ\u00e4isch-ethnologischer\/kulturanthropologischer Umweltforschung zusammen.<\/p>\n<p>Hg. von Siegfried Becker und Sonja Windm\u00fcller. Marburg: Jonas Verlag 2019.<\/p>\n<\/div>\n<p>Darin:<\/p>\n<h4>Sonja Windm\u00fcller: Meer-\/mehr Plastik. Zur Perspektivierung von Umweltwahrnehmung und Umwelthandeln am Beispiel des <em>Great Pacific Garbage Patch <\/em>(S. 51-75)<\/h4>\n<p><a href=\"https:\/\/windmueller-s.de\/wp-content\/uploads\/2020\/12\/Buchanzeige-Umweltforschung.jpg\"><img loading=\"lazy\" decoding=\"async\" class=\"alignleft size-medium wp-image-671\" src=\"https:\/\/windmueller-s.de\/wp-content\/uploads\/2020\/12\/Buchanzeige-Umweltforschung-228x300.jpg\" alt=\"00206B9CD9BD201007115902\" width=\"228\" height=\"300\" srcset=\"https:\/\/windmueller-s.de\/wp-content\/uploads\/2020\/12\/Buchanzeige-Umweltforschung-228x300.jpg 228w, https:\/\/windmueller-s.de\/wp-content\/uploads\/2020\/12\/Buchanzeige-Umweltforschung-777x1024.jpg 777w, https:\/\/windmueller-s.de\/wp-content\/uploads\/2020\/12\/Buchanzeige-Umweltforschung-800x1055.jpg 800w, https:\/\/windmueller-s.de\/wp-content\/uploads\/2020\/12\/Buchanzeige-Umweltforschung.jpg 1155w\" sizes=\"auto, (max-width: 228px) 100vw, 228px\" \/><\/a><\/p>\n<p>&nbsp;<\/p>\n<p>&nbsp;<\/p>\n<p>&nbsp;<\/p>\n<p>Aus: Marburger Uni-Journal, Sommer 2020, S. 22.<\/p>\n<h3><\/h3>\n<p style=\"text-align: center;\"><span style=\"color: #800000;\">&#8212;<\/span><\/p>\n<h3><strong>Weitere Publikationen:<\/strong><\/h3>\n<ul>\n<li>Verstoffwechselungen des Zuk\u00fcnftigen. Zur Kultur der Prognostik. In: Oliwia Murawska (Hg.): Grenzg\u00e4nger. Festschrift f\u00fcr Prof. Dr. Andreas Hartmann. Bonn, M\u00fcnster 2018 (= Rheinisch-westf\u00e4lische Zeitschrift f\u00fcr Volkskunde 62.\/63. Jahrgang 2017\/18), S. 361-373.<\/li>\n<\/ul>\n<ul>\n<li>M\u00fcll &#8211; Zeichen &#8211; Kultur. \u00dcberlegungen zu Abfallwissenschaft als Kulturwissenschaft. In: Simone Schiedermair (Hg.): Deutsch als Fremd- und Zweitsprache &amp; Kulturwissenschaft. Zug\u00e4nge zu sozialen Wirklichkeiten. M\u00fcnchen 2018, S. 173-186.<\/li>\n<\/ul>\n<ul>\n<li>[Hg., gem. mit Thomas Schindler, Carsten Sobik] <a href=\"https:\/\/www.asw-verlage.de\/jonas\/katalog\/handwerk-1917.html\" target=\"_blank\">Handwerk. Anthropologisch, historisch, volkskundlich<\/a>. Marburg 2017 (= Hessische Bl\u00e4tter f\u00fcr Volks- und Kulturforschung NF 51).<\/li>\n<\/ul>\n<p><a href=\"https:\/\/windmueller-s.de\/wp-content\/uploads\/2015\/05\/HBll-Handwerk.jpg\"><img loading=\"lazy\" decoding=\"async\" class=\"  wp-image-494 aligncenter\" src=\"https:\/\/windmueller-s.de\/wp-content\/uploads\/2015\/05\/HBll-Handwerk.jpg\" alt=\"HBll Handwerk\" width=\"185\" height=\"265\" srcset=\"https:\/\/windmueller-s.de\/wp-content\/uploads\/2015\/05\/HBll-Handwerk.jpg 591w, https:\/\/windmueller-s.de\/wp-content\/uploads\/2015\/05\/HBll-Handwerk-209x300.jpg 209w\" sizes=\"auto, (max-width: 185px) 100vw, 185px\" \/><\/a><\/p>\n<ul>\n<li>\u201eEconomic Plumbing\u201c. Perspektiven auf akademische Modellbildung und die sinnliche Dimensionierung von Wissen(schaft). In: Karl Braun u. a. (Hg.): Kulturen der Sinne. Zug\u00e4nge zur Sensualit\u00e4t der sozialen Welt. W\u00fcrzburg 2017, S. 111-120.<\/li>\n<\/ul>\n<ul>\n<li>Do it &#8230; with Rubbish. Zum Wechselverh\u00e4ltnis von Do it yourself und Abfall(-diskurs). In: Nikola Langreiter, Klara L\u00f6ffler (Hg.): Selber Machen. Diskurse und Praktiken des &#8222;Do it yourself&#8220;. Bielefeld 2017, S. 287-305.<\/li>\n<\/ul>\n<ul>\n<li>Affront des Stofflichen. Zur materialen Pr\u00e4senz von M\u00fcll und Abfall. In: Karl C. Berger, Margot Schindler, Ingo Schneider (Hg.): Stofflichkeit in der Kultur. Wien 2015, S. 228-236.<\/li>\n<\/ul>\n<ul>\n<li>[Hg., gem. mit Daria Dittmeyer, Jeannet Hommers] <a href=\"http:\/\/www.reimer-mann-verlag.de\/controller.php?cmd=detail&amp;titelnummer=101537&amp;verlag=4\" target=\"_blank\">Verr\u00fcckt, Verrutscht, Versetzt. Zur Verschiebung von Gegenst\u00e4nden, K\u00f6rpern und Orten<\/a>. Berlin 2015 (= Schriftenreihe der Isa Lohmann-Siems Stiftung Bd. 8).<\/li>\n<\/ul>\n<p><a href=\"https:\/\/windmueller-s.de\/wp-content\/uploads\/2015\/05\/8_Cover_Verrueckt-Verrutscht-Versetzt.jpg\"><img loading=\"lazy\" decoding=\"async\" class=\"  wp-image-276 aligncenter\" src=\"https:\/\/windmueller-s.de\/wp-content\/uploads\/2015\/05\/8_Cover_Verrueckt-Verrutscht-Versetzt.jpg\" alt=\"8_Cover_Verrueckt-Verrutscht-Versetzt\" width=\"186\" height=\"262\" srcset=\"https:\/\/windmueller-s.de\/wp-content\/uploads\/2015\/05\/8_Cover_Verrueckt-Verrutscht-Versetzt.jpg 500w, https:\/\/windmueller-s.de\/wp-content\/uploads\/2015\/05\/8_Cover_Verrueckt-Verrutscht-Versetzt-213x300.jpg 213w\" sizes=\"auto, (max-width: 186px) 100vw, 186px\" \/><\/a><\/p>\n<ul>\n<li>\n<div data-canvas-width=\"176.17200000000008\">[ab\u2010,\u00a0ein\u2010,\u00a0\u00fcber\u2010]schreiten.\u00a0Zur\u00a0Verschiebung\u00a0von\u00a0Parade\u2010Routen und\u00a0\u2010R\u00e4umen. In: Daria Dittmeyer, Jeannet Hommers, Sonja Windm\u00fcller (Hg.): Verr\u00fcckt, Verrutscht, Versetzt. Zur Verschiebung von Gegenst\u00e4nden, K\u00f6rpern und Orten. Berlin 2015 (= Schriftenreihe der Isa Lohmann-Siems Stiftung Bd. 8), S. 92-118.<\/div>\n<\/li>\n<\/ul>\n<ul>\n<li>[Hg., gem. mit Inga Klein] <a href=\"http:\/\/www.transcript-verlag.de\/978-3-8376-2460-1\/kultur-der-oekonomie\" target=\"_blank\">Kultur der \u00d6konomie. Zur Materialit\u00e4t und Performanz des Wirtschaftlichen<\/a>. Bielefeld 2014.<\/li>\n<\/ul>\n<p><a href=\"https:\/\/windmueller-s.de\/wp-content\/uploads\/2015\/12\/9783837624601_216x1000.jpg\"><img loading=\"lazy\" decoding=\"async\" class=\"  wp-image-407 aligncenter\" src=\"https:\/\/windmueller-s.de\/wp-content\/uploads\/2015\/12\/9783837624601_216x1000.jpg\" alt=\"9783837624601_216x1000\" width=\"177\" height=\"269\" srcset=\"https:\/\/windmueller-s.de\/wp-content\/uploads\/2015\/12\/9783837624601_216x1000.jpg 216w, https:\/\/windmueller-s.de\/wp-content\/uploads\/2015\/12\/9783837624601_216x1000-197x300.jpg 197w\" sizes=\"auto, (max-width: 177px) 100vw, 177px\" \/><\/a><\/p>\n<ul>\n<li>Rhythmen (in) der \u00d6konomie. Kulturanalytische Schlaglichter auf eine Denk- und Praxisfigur. In: Inga Klein, Sonja Windm\u00fcller (Hg.): Kultur der \u00d6konomie. Zur Materialit\u00e4t und Performanz des Wirtschaftlichen. Bielefeld 2014, S. 57-80.<\/li>\n<\/ul>\n<ul>\n<li>Recycling. In: Stefanie Samida, Manfred K.H. Eggert, Hans Peter Hahn (Hg.): Handbuch Materielle Kultur. Bedeutungen, Konzepte, Disziplinen. Stuttgart, Weimar 2014, S. 104-109.<\/li>\n<\/ul>\n<ul>\n<li>[Hg., gem. mit Harm-Peer Zimmermann] <a href=\"https:\/\/www.panama-verlag.de\/programm\/bob-dylan\/\" target=\"_blank\">Sound des Wunderhorns. Kulturwissenschaftliche Resonanzen auf Bob Dylan<\/a>. Berlin 2014.<\/li>\n<\/ul>\n<p><a href=\"https:\/\/windmueller-s.de\/wp-content\/uploads\/2015\/05\/Harm-Peer-Zimmermann-Bob-Dylan.jpg\"><img loading=\"lazy\" decoding=\"async\" class=\" size-full wp-image-278 aligncenter\" src=\"https:\/\/windmueller-s.de\/wp-content\/uploads\/2015\/05\/Harm-Peer-Zimmermann-Bob-Dylan.jpg\" alt=\"Harm-Peer-Zimmermann-Bob-Dylan\" width=\"300\" height=\"337\" srcset=\"https:\/\/windmueller-s.de\/wp-content\/uploads\/2015\/05\/Harm-Peer-Zimmermann-Bob-Dylan.jpg 300w, https:\/\/windmueller-s.de\/wp-content\/uploads\/2015\/05\/Harm-Peer-Zimmermann-Bob-Dylan-267x300.jpg 267w\" sizes=\"auto, (max-width: 300px) 100vw, 300px\" \/><\/a><\/p>\n<ul>\n<li>(Ver)laufende R\u00e4ume. Paraden als Gegenstand der Kulturforschung. In: Schweizerisches Archiv f\u00fcr Volkskunde 109\/2013, H. 1, S. 32-46.<\/li>\n<\/ul>\n<ul>\n<li>Volkskundliche Gangarten \u2013 Bewegungsstile kulturwissenschaftlicher Forschung. In: Reinhard Johler, Christian Marchetti, Bernhard Tschofen, Carmen Weith (Hg.): Kultur_Kultur. Denken. Forschen. Darstellen. 38. Kongress der Deutschen Gesellschaft f\u00fcr Volkskunde in T\u00fcbingen vom 21. bis 24. September 2011. M\u00fcnster u.a. 2013, S. 424-434.<\/li>\n<\/ul>\n<ul>\n<li>[Hg.] <a href=\"http:\/\/www.lit-verlag.de\/isbn\/3-643-11878-3\" target=\"_blank\">Hamburg gr\u00fcn geblickt. Ethnographische Expeditionen im urbanen Raum<\/a>. M\u00fcnster u.a. 2012 (= Studien zur Alltagskulturforschung Bd. 9).<\/li>\n<\/ul>\n<p><a href=\"https:\/\/windmueller-s.de\/wp-content\/uploads\/2015\/05\/Windm\u00fcller-Hamburg-gr\u00fcn-geblickt.jpg\"><img loading=\"lazy\" decoding=\"async\" class=\"  wp-image-282 aligncenter\" src=\"https:\/\/windmueller-s.de\/wp-content\/uploads\/2015\/05\/Windm\u00fcller-Hamburg-gr\u00fcn-geblickt.jpg\" alt=\"Windm\u00fcller - Hamburg gr\u00fcn geblickt\" width=\"190\" height=\"274\" srcset=\"https:\/\/windmueller-s.de\/wp-content\/uploads\/2015\/05\/Windm\u00fcller-Hamburg-gr\u00fcn-geblickt.jpg 450w, https:\/\/windmueller-s.de\/wp-content\/uploads\/2015\/05\/Windm\u00fcller-Hamburg-gr\u00fcn-geblickt-208x300.jpg 208w\" sizes=\"auto, (max-width: 190px) 100vw, 190px\" \/><\/a><\/p>\n<ul>\n<li><a href=\"https:\/\/www.fbkultur.uni-hamburg.de\/vk\/forschung\/publikationen2\/vokus\/vokus201101\/media\/windmueller-dynamisierungderverstetigung-vokus2011.pdf\" target=\"_blank\">Dynamisierung der Verstetigung. \u00dcberlegungen zum Verh\u00e4ltnis von Mobilit\u00e4t(sdiskurs) und Museum<\/a>. In: Vokus 21\/2011, S. 53-64.<\/li>\n<\/ul>\n<ul>\n<li>Confrontaciones entre el hombre y la basura \u2013 Confrontations with Waste. In: Paulina Cornejo Moreno-Valle, Gonzalo Ortega (Hg.): Residual. Intervenciones artisticas en la ciudad. M\u00e9xico 2010, S. 159-170.<\/li>\n<\/ul>\n<ul>\n<li>Rhythm a World Language? Reflections on Movement-Oriented Cultural Analysis. In: Ethnologia Europaea 1\/2010, S. 30-41. [\u2191 <a href=\"http:\/\/www.mtp.hum.ku.dk\/details.asp?eln=500372\" target=\"_blank\">English Summary<\/a>]<\/li>\n<\/ul>\n<ul>\n<li>Faszination Rhythmus. \u00dcberlegungen zu einem Forschungsprogramm. In: Zeitschrift f\u00fcr Volkskunde 106\/2010, S. 45-65. [\u2191 <a href=\"https:\/\/windmueller-s.de\/wp-content\/uploads\/2015\/05\/English-Summary1.pdf\">English Summary<\/a>]<\/li>\n<\/ul>\n<ul>\n<li>Trash Museums: Exhibiting In-Between. In: Gillian Pye (Hg.): Trash Culture. Objects and Obsoles-cence in Cultural Perspective. Oxford u.a. 2010, S. 39-57.<\/li>\n<\/ul>\n<ul>\n<li><a href=\"https:\/\/www.fbkultur.uni-hamburg.de\/vk\/forschung\/publikationen2\/vokus\/vokus200901\/media\/windmueller-vokus2009-1.pdf\" target=\"_blank\">An der Nase gef\u00fchrt. Perspektiven auf das Ph\u00e4nomen &#8218;Tanzb\u00e4r&#8216; (und zugleich auch auf den Tanz)<\/a>. In: Vokus 19\/2009, S. 17-36.<\/li>\n<\/ul>\n<ul>\n<li>Einschwingen in die Ordnung der Welt. Wiegen-Praxen und -Diskurse. In: Rainer Sch\u00f6nhammer (Hg.): K\u00f6rper, Dinge und Bewegung. Der Gleichgewichtssinn in materieller Kultur und \u00c4sthetik. Wien 2009, S. 129-141.<\/li>\n<\/ul>\n<ul>\n<li>Das Metronom. Vertaktungen eines musikalischen Requisits. In: Katharina Ferus, Dietmar R\u00fcbel (Hg.): Die T\u00fccke des Objekts. Vom Umgang mit Dingen. Berlin 2009, S. 192-207.<\/li>\n<\/ul>\n<ul>\n<li>[Hg., gem. mit Beate Binder, Thomas Hengartner]<a href=\"http:\/\/www.lit-verlag.de\/isbn\/3-643-10322-2\" target=\"_blank\"> Kultur \u2013 Forschung. Zum Profil einer volkskundlichen Kulturwissenschaft<\/a>. M\u00fcnster u.a. 2009 (= Studien zur Alltagskulturforschung Bd. 6).<\/li>\n<\/ul>\n<p><a href=\"https:\/\/windmueller-s.de\/wp-content\/uploads\/2015\/05\/Windm\u00fcller-Kultur-Forschung.jpg\"><img loading=\"lazy\" decoding=\"async\" class=\"  wp-image-283 aligncenter\" src=\"https:\/\/windmueller-s.de\/wp-content\/uploads\/2015\/05\/Windm\u00fcller-Kultur-Forschung.jpg\" alt=\"untitled\" width=\"187\" height=\"269\" srcset=\"https:\/\/windmueller-s.de\/wp-content\/uploads\/2015\/05\/Windm\u00fcller-Kultur-Forschung.jpg 450w, https:\/\/windmueller-s.de\/wp-content\/uploads\/2015\/05\/Windm\u00fcller-Kultur-Forschung-208x300.jpg 208w\" sizes=\"auto, (max-width: 187px) 100vw, 187px\" \/><\/a><\/p>\n<ul>\n<li>[Hg., gem. mit Kathrin Bonacker] <a href=\"http:\/\/jonas-verlag.de\/Titel\/Schriftenreihen\/Hessische-Blaetter-fuer-Volks-und-Kulturforschung\/Tanz-Rhythmus-und-Leidenschaft.html\" target=\"_blank\">Tanz! Rhythmus und Leidenschaft<\/a>. Marburg 2007 (= Hessische Bl\u00e4tter f\u00fcr Volks- und Kulturforschung Bd. 42).<\/li>\n<\/ul>\n<p><a href=\"https:\/\/windmueller-s.de\/wp-content\/uploads\/2015\/05\/Windm\u00fcller-Tanz-Rhythmus.jpg\"><img loading=\"lazy\" decoding=\"async\" class=\"  wp-image-285 aligncenter\" src=\"https:\/\/windmueller-s.de\/wp-content\/uploads\/2015\/05\/Windm\u00fcller-Tanz-Rhythmus.jpg\" alt=\"Windm\u00fcller - Tanz Rhythmus\" width=\"189\" height=\"274\" srcset=\"https:\/\/windmueller-s.de\/wp-content\/uploads\/2015\/05\/Windm\u00fcller-Tanz-Rhythmus.jpg 220w, https:\/\/windmueller-s.de\/wp-content\/uploads\/2015\/05\/Windm\u00fcller-Tanz-Rhythmus-207x300.jpg 207w\" sizes=\"auto, (max-width: 189px) 100vw, 189px\" \/><\/a><\/p>\n<ul>\n<li>Verwandlung durch Rhythmus? Zur kulturellen Semantik von Tanzp\u00e4dagogik am Beispiel \u201eRhythm Is It!\u201c. In: Kathrin Bonacker, Sonja Windm\u00fcller (Hg.): <a href=\"http:\/\/jonas-verlag.de\/Titel\/Schriftenreihen\/Hessische-Blaetter-fuer-Volks-und-Kulturforschung\/Tanz-Rhythmus-und-Leidenschaft.html\" target=\"_blank\">Tanz! Rhythmus und Leidenschaft<\/a>. Marburg 2007 (= Hessische Bl\u00e4tter f\u00fcr Volks- und Kulturforschung Bd. 42), S. 118-134.<\/li>\n<\/ul>\n<ul>\n<li>[Hg., gem. mit Saskia Frank] <a href=\"http:\/\/jonas-verlag.de\/Titel\/Schriftenreihen\/Hessische-Blaetter-fuer-Volks-und-Kulturforschung\/Normieren-Standardisieren-Vereinheitlichen.html\" target=\"_blank\">Normieren, Standardisieren, Vereinheitlichen<\/a>. Marburg 2006 (= Hessische Bl\u00e4tter f\u00fcr Volks- und Kulturforschung Bd. 41).<\/li>\n<\/ul>\n<p><a href=\"https:\/\/windmueller-s.de\/wp-content\/uploads\/2015\/05\/Windm\u00fcller-Normieren-Standardisieren.jpg\"><img loading=\"lazy\" decoding=\"async\" class=\"  wp-image-286 aligncenter\" src=\"https:\/\/windmueller-s.de\/wp-content\/uploads\/2015\/05\/Windm\u00fcller-Normieren-Standardisieren.jpg\" alt=\"Windm\u00fcller Normieren Standardisieren\" width=\"185\" height=\"266\" srcset=\"https:\/\/windmueller-s.de\/wp-content\/uploads\/2015\/05\/Windm\u00fcller-Normieren-Standardisieren.jpg 220w, https:\/\/windmueller-s.de\/wp-content\/uploads\/2015\/05\/Windm\u00fcller-Normieren-Standardisieren-209x300.jpg 209w\" sizes=\"auto, (max-width: 185px) 100vw, 185px\" \/><\/a><\/p>\n<ul>\n<li>Standardisierung und rhythmische Organisation. Zur Verschr\u00e4nkung zweier Paradigmen im fr\u00fchen 20. Jahrhundert. In: Saskia Frank, Sonja Windm\u00fcller (Hg.): Normieren, Standardisieren, Vereinheitlichen. Marburg 2006 (= Hessische Bl\u00e4tter f\u00fcr Volks- und Kulturforschung Bd. 41), S. 65-76.<\/li>\n<\/ul>\n<ul>\n<li>Idealwerte als Grenzwerte. Kulturwissenschaftliche \u00dcberlegungen zu Normungsprozessen, ihren Einbindungen und Effekten. In: Thomas Hengartner, Johannes Moser (Hg.): Grenzen und Differenzen. Zur Macht sozialer und kultureller Grenzziehungen. 35. Kongress der Deutschen Gesellschaft f\u00fcr Volkskunde, Dresden 2005. Leipzig 2006 (= Schriften zur s\u00e4chsischen Geschichte und Volkskunde Bd. 17), S. 839-856.<\/li>\n<\/ul>\n<ul>\n<li>Kultur, M\u00fcll, Wissenschaft. Bewegungen im Grenzbereich. In: Andreas Becker, Saskia Reither, Christian Spies (Hg.): Reste. Umgang mit einem Randph\u00e4nomen. Bielefeld 2005, S. 233-250.<\/li>\n<\/ul>\n<ul>\n<li>Wie und mit welchen Folgen Bob Dylans M\u00fcll \u00f6ffentlich wurde. \u00dcberlegungen zur Abfalltheorie, ausgehend von einem Fallbeispiel. In: Bricolage 2\/2004, S. 41-53.<\/li>\n<\/ul>\n<ul>\n<li><a href=\"http:\/\/www.lit-verlag.de\/isbn\/3-8258-7517-2\" target=\"_blank\">Die Kehrseite der Dinge. M\u00fcll, Abfall, Wegwerfen als kulturwissenschaftliches Problem<\/a>. M\u00fcnster u.a. 2004 (zugl. Marburg, Univ., Diss. 2002).<\/li>\n<\/ul>\n<p><a href=\"https:\/\/windmueller-s.de\/wp-content\/uploads\/2015\/05\/Windm\u00fcller-Kehrseite.jpg\"><img loading=\"lazy\" decoding=\"async\" class=\"  wp-image-280 aligncenter\" src=\"https:\/\/windmueller-s.de\/wp-content\/uploads\/2015\/05\/Windm\u00fcller-Kehrseite.jpg\" alt=\"Windm\u00fcller - Kehrseite\" width=\"211\" height=\"302\" srcset=\"https:\/\/windmueller-s.de\/wp-content\/uploads\/2015\/05\/Windm\u00fcller-Kehrseite.jpg 293w, https:\/\/windmueller-s.de\/wp-content\/uploads\/2015\/05\/Windm\u00fcller-Kehrseite-209x300.jpg 209w\" sizes=\"auto, (max-width: 211px) 100vw, 211px\" \/><\/a><\/p>\n<ul>\n<li>B\u00fccher verbrennen als kultureller Ausdruck. In: Karl Baeumerth, Siegfried Becker (Hg.): Brauchen und Gestalten. Materialien zur Sachkulturforschung. Marburg 2004 (= Hessische Bl\u00e4tter f\u00fcr Volks- und Kulturforschung Bd. 39\/2003), S. 158-170.<\/li>\n<\/ul>\n<ul>\n<li>Zeichen gegen das Chaos. Kulturwissenschaftliches Abfallrecycling. In: Zeitschrift f\u00fcr Volkskunde II\/ 2003, S. 237-248. [\u2191 <a href=\"https:\/\/windmueller-s.de\/wp-content\/uploads\/2015\/05\/English-Summary.pdf\">English Summary<\/a>]<\/li>\n<\/ul>\n<h2><strong>Ausstellungen<\/strong><\/h2>\n<ul>\n<li>[Mitarbeit] M\u00fcll-Facetten von der Steinzeit bis zum Gelben Sack (Landesmuseum f\u00fcr Natur und Mensch Oldenburg, 2003; Projektleitung: Sabine Wolfram; Erstellung von Leittexten, Recherche und Bildauswahl).<\/li>\n<\/ul>\n<ul>\n<li>Ziegenhainer Salatkirmes (Kreissparkasse Schwalmstadt-Ziegenhain, 1999; eigenverantw.).<\/li>\n<\/ul>\n<ul>\n<li>[Mitarbeit] Grenzen. Fotoausstellung (vhs Marburg, 1999; Projektleitung: Rolf K. Wegst).<\/li>\n<\/ul>\n<ul>\n<li>[Mitarbeit] Zeit der kleinen W\u00fcnsche. Erinnerungen an den Marburger Alltag 1945-1955 (Rathaus Marburg, 1996; Projektleitung: Andreas C. Bimmer, Jutta Buchner, Institut f\u00fcr Europ\u00e4ische Ethnologie\/Kulturwissenschaft, Philipps-Universit\u00e4t Marburg).<\/li>\n<\/ul>\n<ul>\n<li>Spinnstuben \u2013 Zwischen Arbeit und Geselligkeit (Museum f\u00fcr Th\u00fcringer Volkskunde Erfurt, 1996; eigenverantw.).<\/li>\n<\/ul>\n<ul>\n<li>[Mitarbeit] Geliebt \u2013 geha\u00dft \u2013 gegessen. Vom t\u00e4glichen Umgang mit Tieren (Institut f\u00fcr Europ\u00e4ische Ethnologie\/Kulturwissenschaft, Philipps-Universit\u00e4t Marburg, 1996; Projektleitung: Siegfried Becker, Andreas C. Bimmer).<\/li>\n<\/ul>\n<ul>\n<li>[Mitarbeit] Ostereier aus aller Welt \u2013 Sammlung Helene P\u00fcttner (Museum f\u00fcr Th\u00fcringer Volkskunde Erfurt, 1995; Projektleitung: Martina Pontius).<\/li>\n<\/ul>\n<ul>\n<li>[Mitarbeit] Ber\u00fchmte Frauen in Marburg \u2013 Elf Lebensbilder aus acht Jahrhunderten (Br\u00fcder-Grimm-Stube Marburg, 1995; Projektleitung: Marita Metz-Becker, Institut f\u00fcr Europ\u00e4ische Ethnologie\/Kulturwissenschaft, Philipps-Universit\u00e4t Marburg).<\/li>\n<\/ul>\n<ul>\n<li>[Mitarbeit] Die Umwelt aufs Spiel gesetzt. Natur- und Umweltspiele (Br\u00fcder-Grimm-Stube Marburg, 1994; Projektleitung: Bernward Thole, Dt. Spiele-Archiv).<\/li>\n<\/ul>\n","protected":false},"excerpt":{"rendered":"<p>Erschienen: Elena Diehl\/Sonja Windm\u00fcller: Is this Trash Yet? On Rejecting and Depositing | Kann das weg? Vom Aussortieren und Deponieren. In: Jens Schneewei\u00df (Ed.): Stories of Waste and Value. Roots of a Circular Economy | Wertvolle Abfallgeschichten. Wurzeln der Kreislaufwirtschaft. Leiden 2024. Der Band ist als Open-Access-Download verf\u00fcgbar: zur englischsprachigen Version zur deutschsprachigen Version &nbsp;&#8230;<\/p>\n","protected":false},"author":1,"featured_media":0,"parent":0,"menu_order":15,"comment_status":"closed","ping_status":"open","template":"","meta":{"footnotes":""},"class_list":["post-29","page","type-page","status-publish","hentry"],"_links":{"self":[{"href":"https:\/\/windmueller-s.de\/index.php?rest_route=\/wp\/v2\/pages\/29","targetHints":{"allow":["GET"]}}],"collection":[{"href":"https:\/\/windmueller-s.de\/index.php?rest_route=\/wp\/v2\/pages"}],"about":[{"href":"https:\/\/windmueller-s.de\/index.php?rest_route=\/wp\/v2\/types\/page"}],"author":[{"embeddable":true,"href":"https:\/\/windmueller-s.de\/index.php?rest_route=\/wp\/v2\/users\/1"}],"replies":[{"embeddable":true,"href":"https:\/\/windmueller-s.de\/index.php?rest_route=%2Fwp%2Fv2%2Fcomments&post=29"}],"version-history":[{"count":148,"href":"https:\/\/windmueller-s.de\/index.php?rest_route=\/wp\/v2\/pages\/29\/revisions"}],"predecessor-version":[{"id":887,"href":"https:\/\/windmueller-s.de\/index.php?rest_route=\/wp\/v2\/pages\/29\/revisions\/887"}],"wp:attachment":[{"href":"https:\/\/windmueller-s.de\/index.php?rest_route=%2Fwp%2Fv2%2Fmedia&parent=29"}],"curies":[{"name":"wp","href":"https:\/\/api.w.org\/{rel}","templated":true}]}}